{"id":7299,"date":"2024-06-18T20:31:31","date_gmt":"2024-06-19T00:31:31","guid":{"rendered":"https:\/\/derecho.uprrp.edu\/revistajuridica\/?page_id=7299"},"modified":"2024-06-18T20:49:15","modified_gmt":"2024-06-19T00:49:15","slug":"volumen-91-numero-4-transformaciones-del-derecho-en-tiempos-de-pandemia","status":"publish","type":"page","link":"https:\/\/derecho.uprrp.edu\/revistajuridica\/volumen-91-numero-4-transformaciones-del-derecho-en-tiempos-de-pandemia\/","title":{"rendered":"Volumen 91, N\u00famero 4: Transformaciones del derecho en tiempos de pandemia"},"content":{"rendered":"<h5 class=\"p3\">Mensaje de los directores y directoras<\/h5>\n<ul class=\"ul1\">\n<li class=\"li3\">Autor: Junta Editora del Volumen 91<\/li>\n<li class=\"li3\">Volumen: 91<\/li>\n<li class=\"li3\">N\u00famero: 4<\/li>\n<li class=\"li3\">P\u00e1gina inicial: 947<\/li>\n<li class=\"li3\">Cita: Junta Editora del Volumen 91, Introducci\u00f3n, 91 REV. JUR. UPR 947 (2022).<\/li>\n<\/ul>\n<p class=\"p3\" style=\"padding-left: 40px\"><a href=\"https:\/\/derecho.uprrp.edu\/revistajuridica\/wp-content\/uploads\/sites\/4\/2024\/06\/3-Mensaje-de-los-directores-y-directoras.pdf\" class=\"sc-button sc-button-red\" target=\"_blank\"><span>Art\u00edculo en PDF<\/span><\/a>\n<hr \/>\n<h5 class=\"p3\">Mensaje en ocasi\u00f3n de los Actos de Investidura del Volumen XCI de la Revista Jur\u00eddica de la Universidad de Puerto Rico<\/h5>\n<ul class=\"ul1\">\n<li class=\"li3\">Autor: Alfonso Mart\u00ednez Piovanetti<\/li>\n<li class=\"li3\">Volumen: 91<\/li>\n<li class=\"li3\">N\u00famero: 4<\/li>\n<li class=\"li3\">P\u00e1gina inicial: 951<\/li>\n<li class=\"li3\">Cita: Alfonso Mart\u00ednez Piovanetti, Mensaje en ocasi\u00f3n de los Actos de Investidura del Volumen XCI de la Revista Jur\u00eddica de la Universidad de Puerto Rico, 91 REV. JUR. UPR 951 (2022).<\/li>\n<\/ul>\n<p class=\"p3\" style=\"padding-left: 40px\"><a href=\"https:\/\/derecho.uprrp.edu\/revistajuridica\/wp-content\/uploads\/sites\/4\/2024\/06\/4-Mensaje-en-ocasion-de-los-Actos-de-Investidura-del-Volumen-XCI-de-la-Revista-Juridica-de-la-Universidad-de-Puerto-Rico.pdf\" class=\"sc-button sc-button-red\" target=\"_blank\"><span>Art\u00edculo en PDF<\/span><\/a>\n<hr \/>\n<h5 class=\"p3\">La realidad evolucionada: los efectos de la pandemia COVID-19 en el uso de la tecnolog\u00eda en procedimientos judiciales<\/h5>\n<ul class=\"ul1\">\n<li class=\"li3\">Autor: M\u00f3nica Cristina Mu\u00f1iz Pedrogo<\/li>\n<li class=\"li3\">Volumen: 91<\/li>\n<li class=\"li3\">N\u00famero: 4<\/li>\n<li class=\"li3\">P\u00e1gina inicial: 961<\/li>\n<li class=\"li3\">Cita: M\u00f3nica Cristina Mu\u00f1iz Pedrogo, La realidad evolucionada: los efectos de la pandemia COVID-19 en el uso de la tecnolog\u00eda en procedimientos judiciales, 91 REV. JUR. UPR 961 (2022).<\/li>\n<\/ul>\n<p class=\"p3\" style=\"padding-left: 40px\"><a href=\"https:\/\/derecho.uprrp.edu\/revistajuridica\/wp-content\/uploads\/sites\/4\/2024\/06\/5-La-realidad-evolucionada-los-efectos-de-la-pandemia-COVID-19-en-el-uso-de-la-tecnologia-en-procedimientos-judiciales.pdf\" class=\"sc-button sc-button-red\" target=\"_blank\"><span>Art\u00edculo en PDF<\/span><\/a>\n<hr \/>\n<h5 class=\"p3\">El uso de la videoconferencia: \u00bfHerramienta o transformaci\u00f3n del derecho a la confrontaci\u00f3n?<\/h5>\n<ul class=\"ul1\">\n<li class=\"li3\">Autor: Hon. Ana Paulina Cruz V\u00e9lez<\/li>\n<li class=\"li3\">Volumen: 91<\/li>\n<li class=\"li3\">N\u00famero: 4<\/li>\n<li class=\"li3\">P\u00e1gina inicial: 991<\/li>\n<li class=\"li3\">Cita: Hon. Ana Paulina Cruz V\u00e9lez, El uso de la videoconferencia: \u00bfHerramienta o transformaci\u00f3n del derecho a la confrontaci\u00f3n?, 91 REV. JUR. UPR 991 (2022).<\/li>\n<\/ul>\n<p class=\"p3\" style=\"padding-left: 40px\"><a href=\"https:\/\/derecho.uprrp.edu\/revistajuridica\/wp-content\/uploads\/sites\/4\/2024\/06\/6-El-uso-de-la-videoconferencia-\u00bfHerramienta-o-transformacion-del-derecho-a-la-confrontacion.pdf\" class=\"sc-button sc-button-red\" target=\"_blank\"><span>Art\u00edculo en PDF<\/span><\/a>\n<hr \/>\n<h5 class=\"p3\">La propiedad y la clasificaci\u00f3n de los bienes en el C\u00f3digo Civil de 2020<\/h5>\n<ul class=\"ul1\">\n<li class=\"li3\">Autor: \u00c9rika Font\u00e1nez Torres &amp; Fabio S. Jim\u00e9nez Cadena<\/li>\n<li class=\"li3\">Volumen: 91<\/li>\n<li class=\"li3\">N\u00famero: 4<\/li>\n<li class=\"li3\">P\u00e1gina inicial: 1023<\/li>\n<li class=\"li3\">Cita: \u00c9rika Font\u00e1nez Torres &amp; Fabio S. Jim\u00e9nez Cadena, La propiedad y la clasificaci\u00f3n de los bienes en el C\u00f3digo Civil de 2020, 91 REV. JUR. UPR 1023 (2022).<\/li>\n<\/ul>\n<p class=\"p3\" style=\"padding-left: 40px\"><a href=\"https:\/\/derecho.uprrp.edu\/revistajuridica\/wp-content\/uploads\/sites\/4\/2024\/06\/7-La-propiedad-y-la-clasificacion-de-los-bienes-en-el-Codigo-Civil-de-2020.pdf\" class=\"sc-button sc-button-red\" target=\"_blank\"><span>Art\u00edculo en PDF<\/span><\/a>\n<hr \/>\n<h5 class=\"p3\">Nuevo c\u00f3digo, nuevos retos: los fideicomisos testamentarios y los cambios en el Derecho Sucesorio<\/h5>\n<ul class=\"ul1\">\n<li class=\"li3\">Autor: Gabriela Castrodad Garc\u00eda<\/li>\n<li class=\"li3\">Volumen: 91<\/li>\n<li class=\"li3\">N\u00famero: 4<\/li>\n<li class=\"li3\">P\u00e1gina inicial: 1083<\/li>\n<li class=\"li3\">Cita: Gabriela Castrodad Garc\u00eda, Nuevo c\u00f3digo, nuevos retos: los fideicomisos testamentarios y los cambios en el Derecho Sucesorio, 1898 a 1905, 91 REV. JUR. UPR 1083 (2022).<\/li>\n<\/ul>\n<p class=\"p3\" style=\"padding-left: 40px\"><a href=\"https:\/\/derecho.uprrp.edu\/revistajuridica\/wp-content\/uploads\/sites\/4\/2024\/06\/8-Nuevo-codigo-nuevos-retos-los-fideicomisos-testamentarios-y-los-cambios-en-el-Derecho-Sucesorio.pdf\" class=\"sc-button sc-button-red\" target=\"_blank\"><span>Art\u00edculo en PDF<\/span><\/a>\n<hr \/>\n<h5 class=\"p3\">Evoluci\u00f3n del problema de la caracterizaci\u00f3n y su soluci\u00f3n en el Nuevo C\u00f3digo Civil de Puerto Rico<\/h5>\n<ul class=\"ul1\">\n<li class=\"li3\">Autor: Paola K. Garc\u00eda Rivera<\/li>\n<li class=\"li3\">Volumen: 91<\/li>\n<li class=\"li3\">N\u00famero: 4<\/li>\n<li class=\"li3\">P\u00e1gina inicial: 1107<\/li>\n<li class=\"li3\">Cita: Paola K. Garc\u00eda Rivera, Evoluci\u00f3n del problema de la caracterizaci\u00f3n y su soluci\u00f3n en el Nuevo C\u00f3digo Civil de Puerto Rico, 91 REV. JUR. UPR 1107 (2022).<\/li>\n<\/ul>\n<p class=\"p3\" style=\"padding-left: 40px\"><a href=\"https:\/\/derecho.uprrp.edu\/revistajuridica\/wp-content\/uploads\/sites\/4\/2024\/06\/9-Evolucion-del-problema-de-la-caracterizacion-y-su-solucion-en-el-Nuevo-Codigo-Civil-de-Puerto-Rico.pdf\" class=\"sc-button sc-button-red\" target=\"_blank\"><span>Art\u00edculo en PDF<\/span><\/a>\n<hr \/>\n<h5 class=\"p3\">Capturando al empleado in fraganti: an\u00e1lisis legal de la supervisi\u00f3n elec- tr\u00f3nica del teletrabajo en Puerto Rico<\/h5>\n<ul class=\"ul1\">\n<li class=\"li3\">Autor: Sara C. Izquierdo Fortu\u00f1o<\/li>\n<li class=\"li3\">Volumen: 91<\/li>\n<li class=\"li3\">N\u00famero: 4<\/li>\n<li class=\"li3\">P\u00e1gina inicial: 1127<\/li>\n<li class=\"li3\">Cita: Sara C. Izquierdo Fortu\u00f1o, Capturando al empleado in fraganti: an\u00e1lisis legal de la supervisi\u00f3n elec- tr\u00f3nica del teletrabajo en Puerto Rico, 91 REV. JUR. UPR 1127 (2022).<\/li>\n<\/ul>\n<p class=\"p3\" style=\"padding-left: 40px\"><a href=\"https:\/\/derecho.uprrp.edu\/revistajuridica\/wp-content\/uploads\/sites\/4\/2024\/06\/10-Capturando-al-empleado-in-fraganti-analisis-legal-de-la-supervision-electronica-del-teletrabajo-en-Puerto-Rico.pdf\" class=\"sc-button sc-button-red\" target=\"_blank\"><span>Art\u00edculo en PDF<\/span><\/a>\n<hr \/>\n<h5 class=\"p3\">Con el agua hasta el cuello: una mirada sobre la problem\u00e1tica de definici\u00f3n de la zona mar\u00edtimo terrestre y su impacto sobre nuestro patrimonio natural<\/h5>\n<ul class=\"ul1\">\n<li class=\"li3\">Autor: Paola Susana Ayala Acevedo<\/li>\n<li class=\"li3\">Volumen: 91<\/li>\n<li class=\"li3\">N\u00famero: 4<\/li>\n<li class=\"li3\">P\u00e1gina inicial: 1159<\/li>\n<li class=\"li3\">Cita: Paola Susana Ayala Acevedo, Con el agua hasta el cuello: una mirada sobre la problem\u00e1tica de definici\u00f3n de la zona mar\u00edtimo terrestre y su impacto sobre nuestro patrimonio natural, 91 REV. JUR. UPR 1159 (2022).<\/li>\n<\/ul>\n<p class=\"p3\" style=\"padding-left: 40px\"><a href=\"https:\/\/derecho.uprrp.edu\/revistajuridica\/wp-content\/uploads\/sites\/4\/2024\/06\/11-Con-el-agua-hasta-el-cuello-una-mirada-sobre-la-problematica-de-definicion-de-la-zona-maritimo-terrestre-y-su-impacto-sobre-nuestro-patrimonio-natural.pdf\" class=\"sc-button sc-button-red\" target=\"_blank\"><span>Art\u00edculo en PDF<\/span><\/a>\n<hr \/>\n<h5 class=\"p3\">Towards Internet Access as a Human Right: An International Law Perspective<\/h5>\n<ul class=\"ul1\">\n<li class=\"li3\">Autor: Claudia B. Alonso-Ramos<\/li>\n<li class=\"li3\">Volumen: 91<\/li>\n<li class=\"li3\">N\u00famero: 4<\/li>\n<li class=\"li3\">P\u00e1gina inicial: 1193<\/li>\n<li class=\"li3\">Cita: Claudia B. Alonso-Ramos, Towards Internet Access as a Human Right: An International Law Perspective, 91 REV. JUR. UPR 1193 (2022).<\/li>\n<\/ul>\n<p class=\"p3\" style=\"padding-left: 40px\"><a href=\"https:\/\/derecho.uprrp.edu\/revistajuridica\/wp-content\/uploads\/sites\/4\/2024\/06\/12-Towards-Internet-Access-as-a-Human-Right-An-International-Law-Perspective.pdf\" class=\"sc-button sc-button-red\" target=\"_blank\"><span>Art\u00edculo en PDF<\/span><\/a>\n<p class=\"p3\" style=\"padding-left: 40px\">\n","protected":false},"excerpt":{"rendered":"<p>Mensaje de los directores y directoras Autor: Junta Editora del Volumen 91 Volumen: 91 N\u00famero: 4 P\u00e1gina inicial: 947 Cita: Junta Editora del Volumen 91, Introducci\u00f3n, 91 REV. JUR. UPR 947 (2022). Mensaje en ocasi\u00f3n de los Actos de Investidura del Volumen XCI de la Revista Jur\u00eddica de la Universidad de Puerto Rico Autor: Alfonso<\/p>\n<div class=\"read-more\"><a href=\"https:\/\/derecho.uprrp.edu\/revistajuridica\/volumen-91-numero-4-transformaciones-del-derecho-en-tiempos-de-pandemia\/\" title=\"Read More\">Read More<\/a><\/div>\n","protected":false},"author":34,"featured_media":0,"parent":0,"menu_order":0,"comment_status":"closed","ping_status":"closed","template":"","meta":{"footnotes":""},"class_list":["post-7299","page","type-page","status-publish"],"_links":{"self":[{"href":"https:\/\/derecho.uprrp.edu\/revistajuridica\/wp-json\/wp\/v2\/pages\/7299","targetHints":{"allow":["GET"]}}],"collection":[{"href":"https:\/\/derecho.uprrp.edu\/revistajuridica\/wp-json\/wp\/v2\/pages"}],"about":[{"href":"https:\/\/derecho.uprrp.edu\/revistajuridica\/wp-json\/wp\/v2\/types\/page"}],"author":[{"embeddable":true,"href":"https:\/\/derecho.uprrp.edu\/revistajuridica\/wp-json\/wp\/v2\/users\/34"}],"replies":[{"embeddable":true,"href":"https:\/\/derecho.uprrp.edu\/revistajuridica\/wp-json\/wp\/v2\/comments?post=7299"}],"version-history":[{"count":5,"href":"https:\/\/derecho.uprrp.edu\/revistajuridica\/wp-json\/wp\/v2\/pages\/7299\/revisions"}],"predecessor-version":[{"id":7321,"href":"https:\/\/derecho.uprrp.edu\/revistajuridica\/wp-json\/wp\/v2\/pages\/7299\/revisions\/7321"}],"wp:attachment":[{"href":"https:\/\/derecho.uprrp.edu\/revistajuridica\/wp-json\/wp\/v2\/media?parent=7299"}],"curies":[{"name":"wp","href":"https:\/\/api.w.org\/{rel}","templated":true}]}}